{"id":4,"date":"2015-10-05T18:03:03","date_gmt":"2015-10-05T18:03:03","guid":{"rendered":"http:\/\/paulklimpel.de\/?page_id=4"},"modified":"2025-08-11T12:33:57","modified_gmt":"2025-08-11T12:33:57","slug":"veranstaltungen","status":"publish","type":"page","link":"http:\/\/paulklimpel.de\/?page_id=4","title":{"rendered":"Veranstaltungen"},"content":{"rendered":"<p class=\"western\"><span style=\"color: #000000;\"><strong><a style=\"color: #000000;\" href=\"http:\/\/zugang-gestalten.org\/\"><span style=\"font-family: DejaVu Sans, sans-serif;\"><span style=\"font-size: large;\">Konferenzreihe &#8222;Zugang gestalten! Mehr Verantwortung f\u00fcr das kulturelle Erbe&#8220;<\/span><\/span><\/a><\/strong><\/span><\/p>\r\n\r\n<ul>\r\n \t<li style=\"list-style-type: none;\">\r\n<ul>\r\n \t<li style=\"list-style-type: none;\">\r\n<ul>\r\n \t<li>\r\n<p class=\"western\"><span style=\"font-family: DejaVu Sans, sans-serif; color: #000000;\"><span style=\"font-size: large;\"><strong><a style=\"color: #000000;\" href=\"https:\/\/zugang-gestalten.org\/konferenzen\/2025-kuenstliche-intelligenz\/\">K\u00fcnstliche Intelligenz<\/a>, <\/strong>22.-24. Oktober 2025 in Leipzig<\/span><\/span><\/p>\r\n<\/li>\r\n \t<li>\r\n<p class=\"western\"><span style=\"font-family: DejaVu Sans, sans-serif; color: #000000;\"><span style=\"font-size: large;\"><strong><a style=\"color: #000000;\" href=\"https:\/\/zugang-gestalten.org\/konferenzen\/2024-das-erbe-antreten\/\">Das Erbe antreten<\/a>, <\/strong>23.-25. Oktober 2024 in Stuttgart<\/span><\/span><\/p>\r\n<\/li>\r\n \t<li>\r\n<p class=\"western\"><span style=\"font-family: DejaVu Sans, sans-serif; color: #000000;\"><span style=\"font-size: large;\"><strong><a style=\"color: #000000;\" href=\"https:\/\/zugang-gestalten.org\/konferenzen\/2023-hindernisse-ueberwinden\/\">Hindernisse \u00fcberwinden<\/a>, <\/strong>4.-6. Oktober 2023 in M\u00fcnster<\/span><\/span><\/p>\r\n<\/li>\r\n \t<li>\r\n<p class=\"western\"><span style=\"font-family: DejaVu Sans, sans-serif; color: #000000;\"><span style=\"font-size: large;\"><a style=\"color: #000000;\" href=\"https:\/\/zugang-gestalten.org\/konferenzen\/2022\/\"><strong>Digitale Verf\u00fcgbarkeit &#8211; Globale Rezeption<\/strong>, <\/a>19.-21. Oktober 2022 in Hamburg<\/span><\/span><\/p>\r\n<\/li>\r\n \t<li>\r\n<p class=\"western\"><span style=\"font-family: DejaVu Sans, sans-serif; color: #000000;\"><span style=\"font-size: large;\"><a style=\"color: #000000;\" href=\"https:\/\/zugang-gestalten.org\/konferenzen\/2021\/\"><strong>Schwieriges Erbe<\/strong><\/a><strong>,<\/strong> 3.-5. November 2021 in Frankfurt a. M.<\/span><\/span><\/p>\r\n<\/li>\r\n \t<li>\r\n<p class=\"western\"><span style=\"font-family: DejaVu Sans, sans-serif; color: #000000;\"><span style=\"font-size: large;\"><strong><a style=\"color: #000000;\" href=\"https:\/\/zugang-gestalten.org\/konferenzen\/2020\/\">Innovationsschub<\/a><\/strong>, Online-Konferenz, 29.-30. Oktober 2020<\/span><\/span><\/p>\r\n<\/li>\r\n \t<li>\r\n<p class=\"western\"><span style=\"font-family: DejaVu Sans, sans-serif; color: #000000;\"><span style=\"font-size: large;\"><strong><a style=\"color: #000000;\" href=\"https:\/\/zugang-gestalten.org\/konferenzen\/2011\/\">Pragmatismus<\/a><\/strong>, 30. Oktober-1. November 2019 in Frankfurt a. M.<\/span><\/span><\/p>\r\n<\/li>\r\n \t<li>\r\n<p class=\"western\"><span style=\"font-family: DejaVu Sans, sans-serif; color: #000000;\"><span style=\"font-size: large;\"><a style=\"color: #000000;\" href=\"https:\/\/zugang-gestalten.org\/konferenzen\/2018\/\"><strong>Europa<\/strong><\/a>, 25.-26. Oktober 2018 in Berlin<\/span><\/span><\/p>\r\n<\/li>\r\n \t<li>\r\n<p class=\"western\"><span style=\"font-family: DejaVu Sans, sans-serif; color: #000000;\"><span style=\"font-size: large;\"><a style=\"color: #000000;\" href=\"https:\/\/zugang-gestalten.org\/konferenzen\/2017\/\"><strong>Zusammen Arbeiten<\/strong><\/a>, 19.-20. Oktober 2017 in Frankfurt a. M.<\/span><\/span><\/p>\r\n<\/li>\r\n \t<li>\r\n<p class=\"western\"><span style=\"font-family: DejaVu Sans, sans-serif; color: #000000;\"><span style=\"font-size: large;\"><strong><a style=\"color: #000000;\" href=\"https:\/\/zugang-gestalten.org\/konferenzen\/2016\/\">Nachhaltigkeit<\/a><\/strong>, 17.-18. November 2016 in Berlin<\/span><\/span><\/p>\r\n<\/li>\r\n \t<li>\r\n<p class=\"western\"><span style=\"font-family: DejaVu Sans, sans-serif; color: #000000;\"><span style=\"font-size: large;\"><a style=\"color: #000000;\" href=\"https:\/\/zugang-gestalten.org\/konferenzen\/2015\/\"><strong>Zukunftsstrategien<\/strong><\/a>, 5.-6. November 2015 in Hamburg<\/span><\/span><\/p>\r\n<\/li>\r\n \t<li>\r\n<p class=\"western\"><span style=\"font-family: DejaVu Sans, sans-serif; color: #000000;\"><span style=\"font-size: large;\"><a style=\"color: #000000;\" href=\"https:\/\/zugang-gestalten.org\/konferenzen\/2014\/\"><strong>Wo stehen wir? Eine Zwischenbilanz<\/strong><\/a>, 13.-14. November 2014 in Berlin<\/span><\/span><\/p>\r\n<\/li>\r\n \t<li>\r\n<p class=\"western\"><span style=\"font-family: DejaVu Sans, sans-serif; color: #000000;\"><span style=\"font-size: large;\"><strong><a style=\"color: #000000;\" href=\"https:\/\/zugang-gestalten.org\/konferenzen\/2013\/\">Innovative Projekte und Entwicklungen \u2013 Zugang gelungen<\/a>,\u00a0<\/strong>28.-29. November 2013 in Berlin<\/span><\/span><\/p>\r\n<\/li>\r\n \t<li>\r\n<p class=\"western\"><span style=\"font-family: DejaVu Sans, sans-serif; color: #000000;\"><span style=\"font-size: large;\"><a style=\"color: #000000;\" href=\"https:\/\/zugang-gestalten.org\/konferenzen\/2012\/\"><strong>Mehr Verantwortung f\u00fcr das kulturelle Erbe<\/strong><\/a>, 22.-23. Oktober 2012 in Berlin<\/span><\/span><\/p>\r\n<\/li>\r\n \t<li>\r\n<p class=\"western\"><span style=\"font-family: DejaVu Sans, sans-serif; color: #000000;\"><span style=\"font-size: large;\"><a style=\"color: #000000;\" href=\"https:\/\/zugang-gestalten.org\/konferenzen\/2011-2\/\" target=\"_blank\" rel=\"noopener\"><strong>Ins Netz gegangen &#8211; Neue Wege zum kulturellen Erbe<\/strong><\/a>, 17.-18. November 2011 in Berlin<\/span><\/span><\/p>\r\n<\/li>\r\n<\/ul>\r\n<\/li>\r\n<\/ul>\r\n<\/li>\r\n<\/ul>\r\n\r\n<hr \/>\r\n<p class=\"western\"><span style=\"font-family: DejaVu Sans, sans-serif; color: #000000;\"><span style=\"font-size: large;\"><a style=\"color: #000000;\" href=\"http:\/\/re-publica.de\/session\/wer-archiviert-internet\"><strong>Wer archiviert das Internet<\/strong><\/a><strong>.<\/strong> Trau schau wem. Kulturelle Ged\u00e4chtniskonzepte jenseits der NSA, Podiumsdiskussion auf der re:publica 2014<\/span><\/span><\/p>\r\n<p class=\"western\"><span style=\"font-family: DejaVu Sans, sans-serif; color: #000000;\"><span style=\"font-size: large;\"><a style=\"color: #000000;\" href=\"http:\/\/www.collaboratory.de\/w\/Initiative_Nachhaltigkeit_in_der_Digitalen_Welt\"><strong>Initiative<\/strong> <strong>Nachhaltigkeit in der digitalen Welt<\/strong><\/a>, M\u00e4rz-Juni 2013<\/span><\/span><\/p>\r\n<p class=\"western\" align=\"left\"><span style=\"color: #000000;\"><a style=\"color: #000000;\" href=\"http:\/\/re-publica.de\/12\/panel\/recht-auf-vergessen-und-erinnerungskultur\/\"><strong>\u201e<\/strong><\/a><span style=\"font-family: DejaVu Sans, sans-serif;\"><span style=\"font-size: large;\"><strong><a style=\"color: #000000;\" href=\"http:\/\/re-publica.de\/12\/panel\/recht-auf-vergessen-und-erinnerungskultur\/\">Recht auf Vergessen\u201c und Erinnerungskultur<\/a><\/strong>, Podiumsdiskussion auf der re:publica 2012<\/span><\/span><\/span><\/p>\r\n\r\n\r\n<hr \/>\r\n<p class=\"western\" align=\"left\"><span style=\"font-family: DejaVu Sans, sans-serif; color: #000000;\"><span style=\"font-size: large;\"><strong>4. Juristisches Symposium<\/strong> <strong>der Stiftung Deutsche Kinemathek<\/strong> in Kooperation mit dem iRights e.V., Verbotene Filme, September 2010<\/span><\/span><\/p>\r\n<p class=\"western\" align=\"left\"><span style=\"font-family: DejaVu Sans, sans-serif; color: #000000;\"><span style=\"font-size: large;\"><strong>3. Juristisches Symposium der Stiftung Deutsche Kinemathek<\/strong>, \u00d6ffentliche Archive &#8211; &#8222;geheime&#8220; Informationen, September 2009<\/span><\/span><\/p>\r\n<p class=\"western\" align=\"left\"><span style=\"font-family: DejaVu Sans, sans-serif; color: #000000;\"><span style=\"font-size: large;\"><strong>2. Juristisches Symposium der Stiftung Deutsche Kinemathek<\/strong>, Zwischen technischem K\u00f6nnen und rechtlichem D\u00fcrfen, September 2008<\/span><\/span><\/p>\r\n<p class=\"western\" align=\"left\"><span style=\"font-family: DejaVu Sans, sans-serif; color: #000000;\"><span style=\"font-size: large;\"><strong>1. Juristisches Symposium der Stiftung Deutsche Kinemathek<\/strong>, Im Schatten der Verwertungsinteressen, September 2007<\/span><\/span><\/p>\r\n\r\n<h2><\/h2><!-- \/wp:post-content -->","protected":false},"excerpt":{"rendered":"<p>Konferenzreihe &#8222;Zugang gestalten! Mehr Verantwortung f\u00fcr das kulturelle Erbe&#8220; K\u00fcnstliche Intelligenz, 22.-24. Oktober 2025 in Leipzig Das Erbe antreten, 23.-25. Oktober 2024 in Stuttgart Hindernisse \u00fcberwinden, 4.-6. Oktober 2023 in M\u00fcnster Digitale Verf\u00fcgbarkeit &#8211; Globale Rezeption, 19.-21. Oktober 2022 in Hamburg Schwieriges Erbe, 3.-5. November 2021 in Frankfurt a. M. Innovationsschub, Online-Konferenz, 29.-30. Oktober 2020 [&hellip;]<\/p>\n","protected":false},"author":1,"featured_media":0,"parent":0,"menu_order":0,"comment_status":"closed","ping_status":"closed","template":"","meta":{"footnotes":""},"class_list":["post-4","page","type-page","status-publish","hentry"],"_links":{"self":[{"href":"http:\/\/paulklimpel.de\/index.php?rest_route=\/wp\/v2\/pages\/4","targetHints":{"allow":["GET"]}}],"collection":[{"href":"http:\/\/paulklimpel.de\/index.php?rest_route=\/wp\/v2\/pages"}],"about":[{"href":"http:\/\/paulklimpel.de\/index.php?rest_route=\/wp\/v2\/types\/page"}],"author":[{"embeddable":true,"href":"http:\/\/paulklimpel.de\/index.php?rest_route=\/wp\/v2\/users\/1"}],"replies":[{"embeddable":true,"href":"http:\/\/paulklimpel.de\/index.php?rest_route=%2Fwp%2Fv2%2Fcomments&post=4"}],"version-history":[{"count":24,"href":"http:\/\/paulklimpel.de\/index.php?rest_route=\/wp\/v2\/pages\/4\/revisions"}],"predecessor-version":[{"id":228,"href":"http:\/\/paulklimpel.de\/index.php?rest_route=\/wp\/v2\/pages\/4\/revisions\/228"}],"wp:attachment":[{"href":"http:\/\/paulklimpel.de\/index.php?rest_route=%2Fwp%2Fv2%2Fmedia&parent=4"}],"curies":[{"name":"wp","href":"https:\/\/api.w.org\/{rel}","templated":true}]}}