{"id":7,"date":"2015-10-05T18:06:31","date_gmt":"2015-10-05T18:06:31","guid":{"rendered":"http:\/\/paulklimpel.de\/?page_id=7"},"modified":"2026-02-10T13:39:33","modified_gmt":"2026-02-10T13:39:33","slug":"veroeffentlichungen","status":"publish","type":"page","link":"http:\/\/paulklimpel.de\/?page_id=7","title":{"rendered":"Ver\u00f6ffentlichungen"},"content":{"rendered":"<ul>\n<li><span style=\"font-family: DejaVu Sans, sans-serif; color: #000000;\"><span style=\"font-size: large;\"><strong>Klimpel, P. (2026):\u00a0<\/strong><a style=\"color: #000000;\" href=\"https:\/\/www.uni-muenster.de\/KFG-Zugang\/publikationen\/accesspoints\/003_klimpel.html\">Abbildungen in der Kunstwissenschaft. Eine kleine Rechtsfibel<\/a>, ACCESS POINTS, Schriften der Kolleg-Forschungsgruppe &#8222;Zugang zu kulturellen G\u00fctern im digitalen Wandel&#8220; an der Universit\u00e4t M\u00fcnster, Hrsg.: Ursula Frohne und Reinold Schm\u00fccker, M\u00fcnster 2026, ISBN: 978-3-69012-003-6, DOI: 10.17879\/21928648758<\/span><\/span><\/li>\n<\/ul>\n<p>&nbsp;<\/p>\n<ul>\n<li><span style=\"font-family: DejaVu Sans, sans-serif; color: #000000;\"><span style=\"font-size: large;\"><strong>Klimpel, P. (2025):\u00a0<\/strong><a style=\"color: #000000;\" href=\"https:\/\/irights.info\/wp-content\/uploads\/2025\/11\/Performing_Archive_Handreichung_5.pdf\">Was darf ich online zeigen?<\/a> Urheber- und Pers\u00f6nlichkeitsrecht im Digitalen Archiv der freien Darstellenden K\u00fcnste, Handreichung 5, Initiative f\u00fcr die Archive der Freien Darstellenden K\u00fcnste e.V. (Hrsg.), November 2025<\/span><\/span><\/li>\n<\/ul>\n<p>&nbsp;<\/p>\n<ul>\n<li><span style=\"font-family: DejaVu Sans, sans-serif; color: #000000;\"><span style=\"font-size: large;\"><strong>Klimpel, P., Lehnert, K. (2025):<\/strong> <a style=\"color: #000000;\" href=\"https:\/\/www.digitales-deutsches-frauenarchiv.de\/sites\/default\/files\/2025-08\/Leitfaden%20Lesesaalnutzung%2BKopienversand_2025.pdf\">Feministische Erinnerungseinrichtungen \u2013 Ein Leitfaden f\u00fcr Lesesaalnutzung und Kopienversand<\/a>, <a style=\"color: #000000;\" href=\"https:\/\/www.digitales-deutsches-frauenarchiv.de\/\">Digitales Deutsches Frauenarchiv<\/a> (Hrsg.), August 2025<\/span><\/span><\/li>\n<\/ul>\n<p>&nbsp;<\/p>\n<ul>\n<li><span style=\"font-family: DejaVu Sans, sans-serif; color: #000000;\"><span style=\"font-size: large;\"><strong>Klimpel, P. (2025): <\/strong><a style=\"color: #000000;\" href=\"http:\/\/doi.org\/10.5771\/2699-1284-2024-3\">Reproduktionsfotografie und Werkschutz<\/a> &#8211; Auswirkungen des \u00a7 68 UrhG auf die Bestandsfotografie des kulturellen Erbes, in: <span style=\"font-family: DejaVu Sans, sans-serif;\">de la Durantaye et. al. (Hrsg): Recht und Zugang, 2024\/3, August 2025, ISSN print: 2699-1284, ISSN online: 2942-3368, S. 197-208<\/span><\/span><\/span><\/li>\n<\/ul>\n<p>&nbsp;<\/p>\n<ul>\n<li><span style=\"font-family: DejaVu Sans, sans-serif; color: #000000;\"><span style=\"font-size: large;\"><strong>Boehm, F., Euler, E., Klimpel, P., Rack, F., Weitzmann, J. (Hrsg.) (2025):<\/strong> <a style=\"color: #000000;\" href=\"https:\/\/www.carlgrossmann.com\/ccpl_kommentar\/\">Creative Commons Public License (CCPL), Kommentar und Handbuch f\u00fcr die Rechtspraxis<\/a>, Schriftleitung Klimpel, P., Rack, F., Berlin, April 2025, DOI:10.24921\/2025.94115974<\/span><\/span><\/li>\n<\/ul>\n<p>&nbsp;<\/p>\n<ul>\n<li><span style=\"font-family: DejaVu Sans, sans-serif; color: #000000;\"><span style=\"font-size: large;\"><strong>Klimpel, P. (2023): <\/strong>Les scans 3D face \u00e0 la loi\/ 3D Scans and the law, in: Mus\u00e9e de la Romanit\u00e9, M\u00e9moire Vive, Oliver Laric, Catalogue, Nimes 2023, ISBN: 978-2-9571784-1-4, S. 99-108, deutsche Fassung auf iRights.info: <a style=\"color: #000000;\" href=\"https:\/\/irights.info\/artikel\/3d-scans-und-das-recht\/32063#more-32063\">3D Scans und das Recht<\/a><\/span><\/span><\/li>\n<\/ul>\n<p>&nbsp;<\/p>\n<ul>\n<li><span style=\"color: #000000;\"><span style=\"font-family: DejaVu Sans, sans-serif;\"><span style=\"font-size: large;\"><strong>Klimpel, P., Rack, F. (2023):<\/strong><\/span><\/span><span style=\"font-family: DejaVu Sans, sans-serif;\"><span style=\"font-size: large;\"> <a style=\"color: #000000;\" href=\"https:\/\/docs.nfdi4culture.de\/ta6-audiovisuelle-materialien-urheberrecht-in-forschung-und-lehre\">\u00a0Audiovisuelle Materialien in Forschung und Lehre &#8211; eine \u00dcbersicht zu urheberrechtlichen Aspekten<\/a>, <\/span><\/span><span style=\"font-family: DejaVu Sans, sans-serif;\"><span style=\"font-size: large;\">Aktualisierte Fassung, <\/span><\/span><span style=\"font-family: DejaVu Sans, sans-serif;\"><span style=\"font-size: large;\">Gutachten f\u00fcr die Gesellschaft f\u00fcr Medienwissenschaft und \u00a0den Verband der Historiker und Historikerinnen Deutschlands sowie NFDI4Culture, Mai 2023<\/span><\/span><\/span><\/li>\n<\/ul>\n<p>&nbsp;<\/p>\n<ul>\n<li><span style=\"color: #000000;\"><span style=\"font-size: large;\"><strong>Klimpel, P. (2022):<\/strong> <a style=\"color: #000000;\" href=\"https:\/\/mvdk.hypotheses.org\/502\"><span style=\"font-family: DejaVu Sans, sans-serif;\"><span style=\"font-size: large;\">Mediatheken der Darstellenden Kunst und Recht<\/span><\/span><\/a><span style=\"font-family: DejaVu Sans, sans-serif;\"><span style=\"font-size: large;\">, Handreichung f\u00fcr das Projekt &#8222;Mediatheken der Darstellenden Kunst digital vernetzen&#8220;, einr Kooperation der Universit\u00e4tsbibliothek Johann Christian Senckenberg\/Frankfurt am Main und des Internationalen Theaterinstituts Deutschland in Zusammenarbeit mit der Universit\u00e4t Wien, November 2022\u00a0<\/span><\/span><\/span><\/span><\/li>\n<\/ul>\n<p>&nbsp;<\/p>\n<ul>\n<li><span style=\"color: #000000;\"><span style=\"font-size: large;\"><strong>Klimpel, P. (2022):<\/strong> <\/span><a style=\"color: #000000;\" href=\"https:\/\/opus4.kobv.de\/opus4-zib\/frontdoor\/index\/index\/docId\/8648\"><span style=\"font-family: DejaVu Sans, sans-serif;\"><span style=\"font-size: large;\">I<\/span><\/span><\/a><a style=\"color: #000000;\" href=\"https:\/\/opus4.kobv.de\/opus4-zib\/frontdoor\/index\/index\/docId\/8648\"><span style=\"font-family: DejaVu Sans, sans-serif;\"><span style=\"font-size: large;\">n Bewegung<\/span><\/span><\/a><span style=\"font-family: DejaVu Sans, sans-serif;\"><span style=\"font-size: large;\">, Die Rechtsfibel f\u00fcr Digitalisierungsprojekte in Kulturerbeeinrichtungen, Hrsg. Digitales Deutsches Frauenarchiv, DigiS Forschungs- und Kompetenzzentrum Digitalisierung, November 2022, ISBN 978-3-00-074039-8<\/span><\/span><\/span><\/li>\n<\/ul>\n<p>&nbsp;<\/p>\n<ul>\n<li><span style=\"color: #000000;\"><span style=\"font-family: DejaVu Sans, sans-serif;\"><span style=\"font-size: large;\"><strong>Klimpel, P., Rack, F. (2022):<\/strong> <\/span><\/span><a style=\"color: #000000;\" href=\"https:\/\/library.fes.de\/pdf-files\/adsd\/19590.pdf\"><span style=\"font-family: DejaVu Sans, sans-serif;\"><span style=\"font-size: large;\">Einsch\u00e4tzung der rechtlichen Rahmenbedingungen f\u00fcr die Archivierung von Social-Media-Inhalten im Archiv der sozialen Demokratie<\/span><\/span><\/a><span style=\"font-family: DejaVu Sans, sans-serif;\"><span style=\"font-size: large;\">, in: Annabel Walz, Andreas Marquet (Hrsg.): Sicher Sichern? Social Media-Archivierung aus rechtlicher Perspektive im Archiv der sozialen Demokratie, Beitr\u00e4ge aus dem Archiv der sozialen Demokratie, Heft 17, Bonn, Oktober 2022, ISBN 978-3-98628-261-5<\/span><\/span><\/span><\/li>\n<\/ul>\n<p>&nbsp;<\/p>\n<ul>\n<li><span style=\"color: #000000;\"><strong><span style=\"font-family: DejaVu Sans, sans-serif;\"><span style=\"font-size: large;\">Bracht, C., Bulle, K., Euler, E., Klimpel, P. (2022): <\/span><\/span><\/strong><a style=\"color: #000000;\" href=\"https:\/\/doi.org\/10.11588\/arthistoricum.1023\"><span style=\"font-family: DejaVu Sans, sans-serif;\"><span style=\"font-size: large;\">Open Access Policy, Ein Leitfaden f\u00fcr Kulturerbeeinrichtungen in Hessen<\/span><\/span><\/a><span style=\"font-family: DejaVu Sans, sans-serif;\"><span style=\"font-size: large;\">, Hrsg. Deutsches Dokumentationszentrum f\u00fcr Kunstgeschichte &#8211; Bildarchiv Foto Marburg\/Christian Bracht, Heidelberg 2022, ISBN 978-3-98501-091-2<\/span><\/span><\/span><\/li>\n<\/ul>\n<p>&nbsp;<\/p>\n<ul>\n<li><span style=\"color: #000000;\"><strong><span style=\"font-family: DejaVu Sans, sans-serif;\"><span style=\"font-size: large;\">Klimpel, P. (2021): <\/span><\/span><\/strong><span style=\"font-family: DejaVu Sans, sans-serif;\"><span style=\"font-size: large;\"><a style=\"color: #000000;\" href=\"https:\/\/opus4.kobv.de\/opus4-zib\/frontdoor\/index\/index\/docId\/8431\"><span style=\"font-family: DejaVu Sans, sans-serif;\"><span style=\"font-size: large;\">Urheberrechtsreform 2021, Neue Chancen f\u00fcr das kulturelle Erbe<\/span><\/span><\/a><\/span><\/span><span style=\"font-family: DejaVu Sans, sans-serif;\"><span style=\"font-size: large;\">, Hrsg. DigiS Forschung- und Kompetenzzentrum Digitalisierung und Digitales Deutsches Frauenarchiv, getragen vom Ida Dachverband e.V., Berlin, Oktober 2021. <\/span><\/span><\/span>\n<ul>\n<li><span style=\"font-family: DejaVu Sans, sans-serif; color: #000000;\"><span style=\"font-size: large;\">Aktualisierte Zeitver\u00f6ffentlichung unter &#8222;Neue Chancen f\u00fcr das kulturelle Erbe&#8220;, in: Marcus Stumpf\/Katharina Tiemann (Hrsg.): Profilierung durch Zusammenarbeit &#8211; Herausforderungen und Chancen, M\u00fcnster 2023, ISBN 0944-2421, S. 50-65<\/span><\/span><\/li>\n<\/ul>\n<\/li>\n<\/ul>\n<p>&nbsp;<\/p>\n<ul>\n<li><span style=\"color: #000000;\"><strong><span style=\"font-family: DejaVu Sans, sans-serif;\"><span style=\"font-size: large;\">Klimpel, P. (2021)<\/span><\/span><\/strong><span style=\"font-family: DejaVu Sans, sans-serif;\"><span style=\"font-size: large;\">:<\/span><\/span> <a style=\"color: #000000;\" href=\"http:\/\/paulklimpel.de\/testseite-paulkl\/wp-content\/uploads\/2024\/08\/2021-03-Klimpel-Datenschutz-und-Einschuechterung-Telemedicus.pdf\" target=\"_blank\" rel=\"noopener\"><span style=\"font-family: DejaVu Sans, sans-serif;\"><span style=\"font-size: large;\">Datenschutz und Einsch\u00fcchterung<\/span><\/span><\/a><span style=\"font-family: DejaVu Sans, sans-serif;\"><span style=\"font-size: large;\">, Ga<\/span><\/span><span style=\"font-family: DejaVu Sans, sans-serif;\"><span style=\"font-size: large;\">stbeitrag bei Telemedicus, 03.2021<\/span><\/span><\/span><\/li>\n<\/ul>\n<p>&nbsp;<\/p>\n<ul>\n<li><span style=\"color: #000000;\"><strong><span style=\"font-family: 'DejaVu Sans', sans-serif;\"><span style=\"font-size: large;\">Klimpel, P. (2021): <\/span><\/span><\/strong><a style=\"color: #000000;\" href=\"https:\/\/www.nomos-elibrary.de\/de\/10.5771\/2699-1284-2021-1-68\/reformen-fuer-das-kulturelle-erbe-jahrgang-2-2021-heft-1?page=1\"><span style=\"font-family: 'DejaVu Sans', sans-serif;\"><span style=\"font-size: large;\">Reformen f\u00fcr das kulturelle Erbe<\/span><\/span><\/a><strong><span style=\"font-family: DejaVu Sans, sans-serif;\"><span style=\"font-size: large;\">,<\/span><\/span><\/strong><span style=\"font-family: DejaVu Sans, sans-serif;\"><span style=\"font-size: large;\"> in: de la Diramtaye et. all. (Hrsg): Recht und Zugang, 2021\/1, ISSN print: 2699-1284, ISSN online: 2699-1284, S. 68-85<\/span><\/span><\/span><\/li>\n<\/ul>\n<p>&nbsp;<\/p>\n<ul>\n<li><span style=\"color: #000000;\"><strong><span style=\"font-family: DejaVu Sans, sans-serif;\"><span style=\"font-size: large;\">Klimpel, P. (2020): <\/span><\/span><\/strong><span style=\"font-family: DejaVu Sans, sans-serif;\"><span style=\"font-size: large;\">Urheberrecht nach der Reform. <\/span><\/span><span style=\"font-family: DejaVu Sans, sans-serif;\"><span style=\"font-size: large;\">Auswirkung in den Archiven. in: Verband deutscher Archivarinnen und Archivare (Hrsg.): RECHTsicher &#8211; Archive und ihr rechtlicher Rahmen, 89. Archivtag 2019 in Suhl, Neustadt a. d. Aisch 2020, ISBN\u00a0 978-3-9818504-3-7, S. 167-176<\/span><\/span><\/span><\/li>\n<\/ul>\n<p>&nbsp;<\/p>\n<ul>\n<li><span style=\"color: #000000;\"><strong><span style=\"font-family: DejaVu Sans, sans-serif;\"><span style=\"font-size: large;\">Klimpel, P. (2020): <\/span><\/span><\/strong><span style=\"font-family: DejaVu Sans, sans-serif;\"><span style=\"font-size: large;\"><a style=\"color: #000000;\" href=\"http:\/\/paulklimpel.de\/testseite-paulkl\/wp-content\/uploads\/2020\/12\/21949646-Bibliotheksdienst-Europarechtswidrige-Verg%C3%BCtungspflicht-mit-CC-Hinweis.png.pdf\">Europarechtswidrige Verg\u00fctungspflich<\/a>t<\/span><\/span><span style=\"font-family: DejaVu Sans, sans-serif;\"><span style=\"font-size: large;\">, Kurze Einsch\u00e4tzung des Referentenentwurfs zur Umsetzung der DSM-Richtlinie zu nicht verf\u00fcgbaren Werken, in: Bibliotheksdienst 2020, 54 (12), S. 909-924<\/span><\/span><\/span><\/li>\n<\/ul>\n<p>&nbsp;<\/p>\n<ul>\n<li><span style=\"color: #000000;\"><strong><span style=\"font-family: DejaVu Sans, sans-serif;\"><span style=\"font-size: large;\">Klimpel, P., Rack. F. (2020): <\/span><\/span><\/strong><a style=\"color: #000000;\" href=\"https:\/\/www.nomos-elibrary.de\/10.5771\/2699-1284-2020-2-243\/reproduktionen-und-urheberrechtlicher-schutz-vervielfaeltigung-lichtbildschutz-und-gemeinfreiheit-was-gilt-bisher-was-wird-gelten-jahrgang-1-2020-heft-2?page=1\"><span style=\"font-family: DejaVu Sans, sans-serif;\"><span style=\"font-size: large;\">Reproduktion und urheberrechtlicher Schutz: Vervielf\u00e4ltigung, Lichtbild und Gemeinfreiheit \u2013 Was gilt bisher, was wird gelten?<\/span><\/span><\/a><span style=\"font-family: DejaVu Sans, sans-serif;\"><span style=\"font-size: large;\">, in: de la Durantaye et. all (Hrsg.): Recht und Zugang, 2020\/2, ISSN 2699-1284, S. 243-257<\/span><\/span><\/span><\/li>\n<\/ul>\n<p>&nbsp;<\/p>\n<ul>\n<li><span style=\"color: #000000;\"><strong><span style=\"font-family: DejaVu Sans, sans-serif;\"><span style=\"font-size: large;\">Klimpel, P. (2020): <\/span><\/span><\/strong><span style=\"font-family: DejaVu Sans, sans-serif;\"><span style=\"font-size: large;\"><a style=\"color: #000000;\" href=\"http:\/\/nbn-resolving.de\/urn:nbn:de:0297-zib-77215\">Kulturelles Erbe digital &#8211; Eine kleine Rechtsfibel<\/a>, <\/span><\/span><span style=\"font-family: DejaVu Sans, sans-serif;\"><span style=\"font-size: large;\">Hrsg. DigiS Forschung- und Kompetenzzentrum Digitalisierung, Februar 2020, ISBN 978-3-752987-64-5<\/span><\/span><\/span><\/li>\n<\/ul>\n<p>&nbsp;<\/p>\n<ul>\n<li><span style=\"color: #000000;\"><strong><span style=\"font-family: DejaVu Sans, sans-serif;\"><span style=\"font-size: large;\">Klimpel, P. (2020): <\/span><\/span><\/strong><a style=\"color: #000000;\" href=\"http:\/\/paulklimpel.de\/testseite-paulkl\/wp-content\/uploads\/2020\/12\/21949646-Bibliotheksdienst-Neue-Chancen-f%C3%BCr-das-kulturelle-Erbe-mit-CC-Hinweis.png.pdf\"><span style=\"font-family: DejaVu Sans, sans-serif;\"><span style=\"font-size: large;\">Neue Chancen f\u00fcr das kulturelle Erb<\/span><\/span><span style=\"font-family: DejaVu Sans, sans-serif;\"><span style=\"font-size: large;\">e<\/span><\/span><\/a><span style=\"font-family: DejaVu Sans, sans-serif;\"><span style=\"font-size: large;\">, in: Bibliotheksdienst 2020, 54 (6-7): S. 559-564<\/span><\/span><\/span><\/li>\n<\/ul>\n<p>&nbsp;<\/p>\n<ul>\n<li><span style=\"color: #000000;\"><span style=\"font-family: DejaVu Sans, sans-serif;\"><span style=\"font-size: large;\"><strong>Klimpel, P. (2020): <\/strong><a style=\"color: #000000;\" href=\"https:\/\/www.nomos-elibrary.de\/10.5771\/2699-1284-2020-1-31\/recht-und-geschichtsbild-jahrgang-1-2020-heft-1?page=1\">Recht und Geschichtsbild<\/a>,\u00a0<\/span><\/span><span style=\"font-family: DejaVu Sans, sans-serif;\"><span style=\"font-size: large;\">in: de la Durantaye et. all (Hrsg.): Recht und Zugang, 2020\/1, ISSN 2699-1281, S. 83-94<\/span><\/span><\/span><\/li>\n<\/ul>\n<p>&nbsp;<\/p>\n<ul>\n<li><span style=\"color: #000000;\"><span style=\"font-family: DejaVu Sans, sans-serif;\"><span style=\"font-size: large;\"><strong>Djordjevi\u0107, V., Klimpel, P. (2020): <\/strong><a style=\"color: #000000;\" href=\"https:\/\/www.digitales-deutsches-frauenarchiv.de\/angebote\/tipps-und-tools-zur-rechteklaerung\/praxistipps-recht\">Bewegungsgeschichte digitalisieren. Praxistipps zur Rechtekl\u00e4rung<\/a>, Digitales Deutsches Frauenarchiv (Hrsg.), Oktober 2018, ISBN 978-3-00-060585-7<\/span><\/span><\/span><\/li>\n<\/ul>\n<p>&nbsp;<\/p>\n<ul>\n<li><span style=\"color: #000000;\"><strong><span style=\"font-family: DejaVu Sans, sans-serif;\"><span style=\"font-size: large;\">Klimpel, P. (2020): <\/span><\/span><\/strong><a style=\"color: #000000;\" href=\"https:\/\/open-educational-resources.de\/was-ist-zu-beachten-beim-einholen-einer-erlaubnis-fuer-das-freie-lizenzieren-durch-lehrerinnen\/\"><span style=\"font-family: DejaVu Sans, sans-serif;\"><span style=\"font-size: large;\">Was ist zu beachten beim Einholen einer Erlaubnis f\u00fcr das freie Lizenzieren durch Lehrer*innen<\/span><\/span><\/a><strong><span style=\"font-family: DejaVu Sans, sans-serif;\"><span style=\"font-size: large;\">, <\/span><\/span><\/strong><span style=\"font-family: DejaVu Sans, sans-serif;\"><span style=\"font-size: large;\">OER.info, 3. M\u00e4rz 2020<\/span><\/span><\/span><\/li>\n<\/ul>\n<p>&nbsp;<\/p>\n<ul>\n<li><span style=\"color: #000000;\"><strong><span style=\"font-family: DejaVu Sans, sans-serif;\"><span style=\"font-size: large;\">Klimpel, P. (2020):<\/span><\/span><\/strong><a style=\"color: #000000;\" href=\"http:\/\/nbn-resolving.de\/urn:nbn:de:0297-zib-77215\"><span style=\"font-family: DejaVu Sans, sans-serif;\"><span style=\"font-size: large;\"> Kleine Handreichung zum Umgang mit historische Fotos bei Online-Projekten<\/span><\/span><\/a><span style=\"font-family: DejaVu Sans, sans-serif;\"><span style=\"font-size: large;\">, <\/span><\/span><span style=\"font-family: DejaVu Sans, sans-serif;\"><span style=\"font-size: large;\">Hrsg.: Zuse Institut Berlin, DigiS Forschung- und Kompetenzzentrum Digitalisierung, Februar 2020<\/span><\/span><\/span><\/li>\n<\/ul>\n<p>&nbsp;<\/p>\n<ul>\n<li><span style=\"color: #000000;\"><strong><span style=\"font-family: DejaVu Sans, sans-serif;\"><span style=\"font-size: large;\">Klimpel, P. (2019): <\/span><\/span><\/strong><span style=\"font-family: DejaVu Sans, sans-serif;\"><span style=\"font-size: large;\"><a style=\"color: #000000;\" href=\"http:\/\/www.iprhelpdesk.eu\/news\/overview-article-european-cultural-heritage-and-copyright\">Overview Article: European Cultural Heritage and Copyright<\/a>, <\/span><\/span><span style=\"font-family: DejaVu Sans, sans-serif;\"><span style=\"font-size: large;\">European IP Helpdesk, Oktober 2019<\/span><\/span><\/span><\/li>\n<\/ul>\n<p>&nbsp;<\/p>\n<ul>\n<li><span style=\"color: #000000;\"><strong><span style=\"font-family: DejaVu Sans, sans-serif;\"><span style=\"font-size: large;\">Klimpel, P. (2018): <\/span><\/span><\/strong><a style=\"color: #000000;\" href=\"https:\/\/d-nb.info\/1168771641\/34\"><span style=\"font-family: DejaVu Sans, sans-serif;\"><span style=\"font-size: large;\">Mehr als<\/span><\/span> <span style=\"font-family: DejaVu Sans, sans-serif;\"><span style=\"font-size: large;\">Materialbewahrung<\/span><\/span><\/a><a style=\"color: #000000;\" href=\"https:\/\/d-nb.info\/1168771641\/34\"><span style=\"font-family: DejaVu Sans, sans-serif;\"><span style=\"font-size: large;\"> &#8211; <\/span><\/span><\/a><span style=\"font-family: DejaVu Sans, sans-serif;\"><span style=\"font-size: large;\"><a style=\"color: #000000;\" href=\"https:\/\/d-nb.info\/1168771641\/34\">\u00dcber die Bedeutung von Rechteinformationen und Lizenzen in Bibliotheken<\/a>, in: Deutsche Nationalbibliothek (Hrsg): Lizenzangaben und Rechtedokumentationen im Dialog Datenfl\u00fcsse nachhaltig gestalten, Oktober 2018, ISBN 978-3-941113-49-7, S. 4-8<\/span><\/span><\/span><\/li>\n<\/ul>\n<p>&nbsp;<\/p>\n<ul>\n<li><span style=\"color: #000000;\"><span style=\"font-family: DejaVu Sans, sans-serif;\"><span style=\"font-size: large;\"><strong>Djordjevi\u0107, V., Klimpel, P. (<\/strong><strong>2018):<\/strong>\u00a0<\/span><\/span><a style=\"color: #000000;\" href=\"https:\/\/biss-sprachbildung.de\/pdf\/biss-broschuere-urheberrecht.pdf\"><span style=\"font-family: DejaVu Sans, sans-serif;\"><span style=\"font-size: large;\">Urheberrecht in der Bildung \u2013<\/span><\/span><\/a><span style=\"font-family: DejaVu Sans, sans-serif;\"><span style=\"font-size: large;\"><a style=\"color: #000000;\" href=\"https:\/\/biss-sprachbildung.de\/pdf\/biss-broschuere-urheberrecht.pdf\"> Texte, Bilder, Videos &amp; Co.: Was p\u00e4dagogische Lehr- und Fachkr\u00e4fte wissen m\u00fcssen, um diese Werke f\u00fcr Bildungszwecke zu nutzen<\/a>, BISS Tr\u00e4gerkonsortium (Hrsg), Oktober 2018<\/span><\/span><\/span><\/li>\n<\/ul>\n<p>&nbsp;<\/p>\n<ul>\n<li><span style=\"color: #000000;\"><strong><span style=\"font-family: DejaVu Sans, sans-serif;\"><span style=\"font-size: large;\">Klimpel, P. (2018): <\/span><\/span><\/strong><span style=\"font-family: DejaVu Sans, sans-serif;\"><span style=\"font-size: large;\">Rechtliche Aspekte eines Onlineportals f\u00fcr das Archiv des Freien Theaters<\/span><\/span><span style=\"font-family: DejaVu Sans, sans-serif;\"><span style=\"font-size: large;\">, in: Wolfgang Schneider\/ Henning F\u00fclle\/ Christinae Henninger (Hrsg): Performing the Archive, Studie zur Entwicklung eines Archivs des Freien Theaters, Oktober 2018, ISBN 978-3-487-15535-7, S. 287-302<\/span><\/span><\/span><\/li>\n<\/ul>\n<p>&nbsp;<\/p>\n<ul>\n<li><span style=\"color: #000000;\"><strong><span style=\"font-family: DejaVu Sans, sans-serif;\"><span style=\"font-size: large;\">Klimpel, P. (2018): <\/span><\/span><\/strong><span style=\"font-family: DejaVu Sans, sans-serif;\"><span style=\"font-size: large;\"><a style=\"color: #000000;\" href=\"https:\/\/www.icom-musees.fr\/ressources\/les-exceptions-au-droit-dauteur-aux-etats-unis-et-en-europe\">Culture de l&#8217;access ou culture de la peur?, Access or fear?<\/a>,<\/span><\/span><span style=\"font-family: DejaVu Sans, sans-serif;\"><span style=\"font-size: large;\"> in: ICOM France (Ed), Les exceptions au droit d\u2019auteur aux Etats-Unis et en Europe, Copyright flexibilities in the US and EU, Paris 2018<\/span><\/span><\/span><\/li>\n<\/ul>\n<p>&nbsp;<\/p>\n<ul>\n<li><span style=\"color: #000000;\"><strong><span style=\"font-family: DejaVu Sans, sans-serif;\"><span style=\"font-size: large;\">Klimpel, P. (2018): <\/span><\/span><\/strong><a style=\"color: #000000;\" href=\"http:\/\/blogs.sub.uni-hamburg.de\/hup\/products-page\/publikationen\/153\/\"><span style=\"font-family: DejaVu Sans, sans-serif;\"><span style=\"font-size: large;\">Mit gutem Recht erinnern.<\/span><\/span><\/a><span style=\"font-family: DejaVu Sans, sans-serif;\"><span style=\"font-size: large;\"><a style=\"color: #000000;\" href=\"http:\/\/blogs.sub.uni-hamburg.de\/hup\/products-page\/publikationen\/153\/\"> Gedanken zur \u00c4nderung der rechtliche Rahmenbedingungen des kulturellen Erbes in der digitalen Welt<\/a>, Hamburg Januar 2018, ISBN 978-3-943423-46-4<\/span><\/span><\/span><\/li>\n<\/ul>\n<p>&nbsp;<\/p>\n<ul>\n<li><span style=\"color: #000000;\"><span style=\"font-family: DejaVu Sans, sans-serif;\"><span style=\"font-size: large;\"><strong>Klimpel, P., Weitzmann, J., Rack, F. (2017):<\/strong> <\/span><\/span><strong><a style=\"color: #000000;\" href=\"http:\/\/dx.doi.org\/10.12752\/2.0.002.0\"><span style=\"font-family: DejaVu Sans, sans-serif;\"><span style=\"font-size: large;\">Handreichung Rechtliche Rahmenbedingungen f\u00fcr Digitalisierungsprojekte von Ged\u00e4chtnisinstitutionen<\/span><\/span><\/a><\/strong><span style=\"font-family: DejaVu Sans, sans-serif;\"><span style=\"font-size: large;\">, 4. g\u00e4nzlich neu bearbeitete Auflage, Hrsg.: Digis, Servicestelle Digitalisierung Berlin, Dezember 2017<\/span><\/span><\/span><\/li>\n<\/ul>\n<p>&nbsp;<\/p>\n<ul>\n<li><span style=\"font-family: DejaVu Sans, sans-serif; color: #000000;\"><span style=\"font-size: large;\"><strong>Klimpel, P. (2017 bis 2018):<\/strong> Brosch\u00fcrenreihe JOINTLY:<\/span><\/span><\/li>\n<\/ul>\n<ul>\n<li style=\"list-style-type: none;\">\n<ul>\n<li><span style=\"color: #000000;\"><a style=\"color: #000000;\" href=\"https:\/\/irights.info\/wp-content\/uploads\/2018\/10\/JOINTLY-BROSCHUERE-OER-richtig-verwenden-Kombinieren-Bearbeiten-Remixen-Auflage-Okt2018.pdf\"><span style=\"font-family: DejaVu Sans, sans-serif;\"><span style=\"font-size: large;\">Kombinieren, Bearbeiten, Remixen<\/span><\/span><\/a><span style=\"font-family: DejaVu Sans, sans-serif;\"><span style=\"font-size: large;\"> &#8211; OER richtig verwenden <\/span><\/span><\/span><\/li>\n<li><span style=\"color: #000000;\"><a style=\"color: #000000;\" href=\"https:\/\/irights.info\/wp-content\/uploads\/2018\/10\/JOINTLY-BROSCHUERE-OER-gut-Lizenzieren-Auflage-Okt2018.pdf\"><span style=\"font-family: DejaVu Sans, sans-serif;\"><span style=\"font-size: large;\">F\u00fcnf Tipps f\u00fcr gutes Lizenzieren von OER<\/span><\/span><\/a><\/span><\/li>\n<li><span style=\"color: #000000;\"><a style=\"color: #000000;\" href=\"http:\/\/jointly.info\/wp-content\/uploads\/sites\/14\/2018\/03\/JOINTLY-BROSCH%C3%9CRE-3-OER-und-CC0.pdf\"><span style=\"font-family: DejaVu Sans, sans-serif;\"><span style=\"font-size: large;\">OER und CC Zero<\/span><\/span><\/a><\/span><\/li>\n<li><span style=\"color: #000000;\"><a style=\"color: #000000;\" href=\"https:\/\/oer-contentbuffet.info\/edu-sharing\/components\/render\/37f2f8b1-5256-4b27-affd-30bdf2b10c3a\"><span style=\"font-family: DejaVu Sans, sans-serif;\"><span style=\"font-size: large;\">Geld Verdienen verboten?<\/span><\/span><\/a><span style=\"font-family: DejaVu Sans, sans-serif;\"><span style=\"font-size: large;\"> Bildungsmaterialien und das Problem nichtkommerzieller Lizenze <\/span><\/span><\/span><\/li>\n<li><span style=\"color: #000000;\"><span style=\"font-family: DejaVu Sans, sans-serif;\"><span style=\"font-size: large;\"><a style=\"color: #000000;\" href=\"https:\/\/irights.info\/wp-content\/uploads\/2018\/10\/JOINTLY-BROSCHUERE-Lizenzierwerkzeuge-Auflage-Okt2018.pdf\">Kleine Helfer, gro\u00dfe Hilfe<\/a>:<\/span><\/span><span style=\"font-family: DejaVu Sans, sans-serif;\"><span style=\"font-size: large;\"> Lizenzhinweise f\u00fcr OER erstellen und nutzen <\/span><\/span><\/span><\/li>\n<li><span style=\"color: #000000;\"><a style=\"color: #000000;\" href=\"https:\/\/oer-contentbuffet.info\/edu-sharing\/components\/render\/f74d22d1-690b-4e3e-9c01-3e13ac856094\"><span style=\"font-family: DejaVu Sans, sans-serif;\"><span style=\"font-size: large;\">(Nicht<\/span><\/span> <span style=\"font-family: DejaVu Sans, sans-serif;\"><span style=\"font-size: large;\">nur)<\/span><\/span> <span style=\"font-family: DejaVu Sans, sans-serif;\"><span style=\"font-size: large;\">Nepper, Schlepper, Bauernf\u00e4nger.<\/span><\/span><\/a><span style=\"font-family: DejaVu Sans, sans-serif;\"><span style=\"font-size: large;\"> Abmahnungen bei Creative Commons Lizenzen <\/span><\/span><\/span><\/li>\n<li><span style=\"color: #000000;\"><a style=\"color: #000000;\" href=\"https:\/\/irights.info\/wp-content\/uploads\/2018\/10\/JOINTLY-BROSCHUERE-UrhWissG-Auflage-Okt2018.pdf\"><span style=\"font-family: DejaVu Sans, sans-serif;\"><span style=\"font-size: large;\">Nach der Reform des Urheberrechts f\u00fcr Bildung und Wissenschaft<\/span><\/span><\/a><span style=\"font-family: DejaVu Sans, sans-serif;\"><span style=\"font-size: large;\"> &#8211; OER bleiben n\u00f6tig. <\/span><\/span><\/span><\/li>\n<li><span style=\"color: #000000;\"><a style=\"color: #000000;\" href=\"https:\/\/irights.info\/wp-content\/uploads\/2018\/10\/JOINTLY-BROSCHUERE-Kontrollverzicht-Bedeutungsgewinn-Auflage-Okt2018.pdf\"><span style=\"font-family: DejaVu Sans, sans-serif;\"><span style=\"font-size: large;\">Loslassen als OER-Prinzip<\/span><\/span><\/a><span style=\"font-family: DejaVu Sans, sans-serif;\"><span style=\"font-size: large;\">. Kontrollverlust und Bedeutungsgewinn <\/span><\/span><\/span><\/li>\n<\/ul>\n<\/li>\n<\/ul>\n<p>&nbsp;<\/p>\n<ul>\n<li><span style=\"color: #000000;\"><strong><span style=\"font-family: DejaVu Sans, sans-serif;\"><span style=\"font-size: large;\">Klimpel, P. (2017): <\/span><\/span><\/strong><a style=\"color: #000000;\" href=\"http:\/\/www.oercamp.de\/wp-content\/uploads\/2017\/11\/Klimpel-OER-Expertise-fuer-OERcamp.pdf\"><span style=\"font-family: DejaVu Sans, sans-serif;\"><span style=\"font-size: large;\">Und wieder, und wieder, und wieder<\/span><\/span><\/a><span style=\"font-family: DejaVu Sans, sans-serif;\"><span style=\"font-size: large;\">. Rechtsprobleme bei wiederholter Nutzung frei lizenzierter Inhalte, Expertise im Auftrag der Zentralstelle f\u00fcr Lehren und Lernen im 21. Jahrhundert e.V. f\u00fcr OERcamp on Tour, Juni 2017<\/span><\/span><\/span><\/li>\n<\/ul>\n<p>&nbsp;<\/p>\n<ul>\n<li><span style=\"color: #000000;\"><span style=\"font-family: DejaVu Sans, sans-serif;\"><span style=\"font-size: large;\"><strong>Klimpel, P., Rack, F. (2017):<\/strong> <\/span><\/span><a style=\"color: #000000;\" href=\"https:\/\/www.lwl.org\/waa-download\/archivpflege\/heft87\/Heft_87_2017.pdf\"><span style=\"font-family: DejaVu Sans, sans-serif;\"><span style=\"font-size: large;\">Was gemeinfrei ist, muss gemeinfrei bleiben.<\/span><\/span><\/a><span style=\"font-family: DejaVu Sans, sans-serif;\"><span style=\"font-size: large;\"><a style=\"color: #000000;\" href=\"https:\/\/www.lwl.org\/waa-download\/archivpflege\/heft87\/Heft_87_2017.pdf\"> \u00dcber die Unzul\u00e4ssigkeit einer vertraglichen Verl\u00e4ngerung urheberrechtlicher Monopolrechte durch \u00f6ffentliche Archive<\/a>, in: Archivpflege in Westfalen-Lippe, Heft 87, 2017, S. 39-43, ISSN 0171-4058<\/span><\/span><\/span><\/li>\n<\/ul>\n<p>&nbsp;<\/p>\n<ul>\n<li><span style=\"color: #000000;\"><span style=\"font-family: DejaVu Sans, sans-serif;\"><span style=\"font-size: large;\"><b>Klimpel, P. (2017): <\/b><a style=\"color: #000000;\" href=\"https:\/\/irights.info\/wp-content\/uploads\/2017\/05\/Digitalpolitik_-_Eine_Einfuehrung.pdf\">Keine Nutzung ohne Vervielf\u00e4ltigung<\/a><\/span><\/span><span style=\"font-family: DejaVu Sans, sans-serif;\"><span style=\"font-size: large;\">, in: Lorena Jaume-Palasi, Julia Pohle, Matthias Spielkamp (Hrsg): Digitalpolitik, S. 86-93, Berlin Mai 2017<\/span><\/span><\/span><\/li>\n<\/ul>\n<p>&nbsp;<\/p>\n<ul>\n<li><span style=\"color: #000000;\"><strong><span style=\"font-family: DejaVu Sans, sans-serif;\"><span style=\"font-size: large;\">Klimpel, P. (2016): <\/span><\/span><\/strong><span style=\"font-family: DejaVu Sans, sans-serif;\"><span style=\"font-size: large;\">Zwischen Ohnmacht und neuer Macht<\/span><\/span><span style=\"font-family: DejaVu Sans, sans-serif;\"><span style=\"font-size: large;\">, in: Peter Bexte, Valeska B\u00fchrer, Stephanie Sarah Lauke (Hrsg.): An den Grenzen der Archive, S. 159-169, Berlin September 2016, ISBN: 978-3-86599-313-7<\/span><\/span><\/span><\/li>\n<\/ul>\n<p>&nbsp;<\/p>\n<ul>\n<li><span style=\"color: #000000;\"><span style=\"font-family: DejaVu Sans, sans-serif;\"><span style=\"font-size: large;\"><strong>Euler, E., Klimpel, P. (2016):<\/strong> <\/span><\/span><a style=\"color: #000000;\" href=\"http:\/\/blogs.sub.uni-hamburg.de\/hup\/products-page\/publikationen\/140\/\"><span style=\"font-family: DejaVu Sans, sans-serif;\"><span style=\"font-size: large;\">F\u00f6derale Vielfalt \u2013 Globale Vernetzung, <\/span><\/span><\/a><span style=\"font-family: DejaVu Sans, sans-serif;\"><span style=\"font-size: large;\"><a style=\"color: #000000;\" href=\"http:\/\/blogs.sub.uni-hamburg.de\/hup\/products-page\/publikationen\/140\/\">Strategien der Bundesl\u00e4nder f\u00fcr das kulturelle Erbe in der digitalen Welt<\/a>, Hamburg 2016, ISBN 978-3-943423-34-1<\/span><\/span><\/span><\/li>\n<\/ul>\n<p>&nbsp;<\/p>\n<ul>\n<li><span style=\"color: #000000;\"><strong><span style=\"font-family: DejaVu Sans, sans-serif;\"><span style=\"font-size: large;\">Klimpel, P. (2016): <\/span><\/span><\/strong><span style=\"font-family: DejaVu Sans, sans-serif;\"><span style=\"font-size: large;\">Oliver Laric und die Beethoven-Skulptur von Max Klinger<\/span><\/span><span style=\"font-family: DejaVu Sans, sans-serif;\"><span style=\"font-size: large;\">, in: Oliver Laric. Photoplastik, Hrsg. Secession, S. 160-162, Wien 2016, ISBN 978-3-95763-335-4<\/span><\/span><\/span><\/li>\n<\/ul>\n<p>&nbsp;<\/p>\n<ul>\n<li><span style=\"color: #000000;\"><strong><span style=\"font-family: DejaVu Sans, sans-serif;\"><span style=\"font-size: large;\">Klimpel, P. (2015): <\/span><\/span><\/strong><a style=\"color: #000000;\" href=\"https:\/\/irights.info\/artikel\/eigentum-an-metadaten-urheberrechtliche-aspekte-von-bestandsinformationen-und-ihre-freigabe-2\/26829\"><span style=\"font-family: DejaVu Sans, sans-serif;\"><span style=\"font-size: large;\">Eigentum an Metadaten?<\/span><\/span><\/a><span style=\"font-family: DejaVu Sans, sans-serif;\"><span style=\"font-size: large;\"><a style=\"color: #000000;\" href=\"https:\/\/irights.info\/artikel\/eigentum-an-metadaten-urheberrechtliche-aspekte-von-bestandsinformationen-und-ihre-freigabe-2\/26829\"> Urheberrechtliche Aspekte von Bestandsinformationen und ihre Freigabe<\/a>, in Ellen Euler, Monika Hagedorn-Saupe, Gerald Maier, Werner Schweibenz, J\u00f6rg Sieglerschmidt (Hrsg.): Handbuch Kulturportale, Online-Angebote aus Kultur und Wissenschaft, S. 57 &#8211; 65, Berlin 2015, ISBN 978-3-11-040571-2<\/span><\/span><\/span><\/li>\n<\/ul>\n<p>&nbsp;<\/p>\n<ul>\n<li><span style=\"color: #000000;\"><span style=\"font-family: DejaVu Sans, sans-serif;\"><span style=\"font-size: large;\"><strong>Klimpel, P., K\u00f6nig, E. (2015):<\/strong>\u00a0<\/span><\/span><a style=\"color: #000000;\" href=\"https:\/\/www.historikerverband.de\/fileadmin\/_vhd\/Stellungnahmen\/GutachtenAVQuellen_Final.pdf\"><span style=\"font-family: DejaVu Sans, sans-serif;\"><span style=\"font-size: large;\">Urheberrechtliche Aspekte beim Umgang mit audiovisuellen Materialien in Forschung und Lehre<\/span><\/span><\/a><span style=\"font-family: DejaVu Sans, sans-serif;\"><span style=\"font-size: large;\">, Gutachten f\u00fcr die Gesellschaft f\u00fcr Medienwissenschaft und \u00a0den Verband der Historiker und Historikerinnen Deutschlands, Berlin September 2015<\/span><\/span><\/span><\/li>\n<\/ul>\n<p>&nbsp;<\/p>\n<ul>\n<li><span style=\"color: #000000;\"><span style=\"font-family: DejaVu Sans, sans-serif;\"><span style=\"font-size: large;\"><strong>Christiansen, P., \u00a0Gehlen, D. v., Hofmann, J., Klimpel, P., K\u00f6kl\u00fc, K., Kreutzer, T., Otto, P., Schindler, M., Wattig, L. (2015):<\/strong> <\/span><\/span><a style=\"color: #000000;\" href=\"https:\/\/irights.info\/wp-content\/uploads\/2015\/08\/Gedankenexperiment.pdf\"><span style=\"font-family: DejaVu Sans, sans-serif;\"><span style=\"font-size: large;\">Berliner Gedankenexperiment zur Neuordnung des Urheberrechts &#8211; Urheber &#8211; Verwerter &#8211; Nutzer und Vermittler<\/span><\/span><\/a><span style=\"font-family: DejaVu Sans, sans-serif;\"><span style=\"font-size: large;\">, August 2015<\/span><\/span><\/span>\n<ul>\n<li><span style=\"color: #000000;\"><span style=\"font-family: DejaVu Sans, sans-serif;\"><span style=\"font-size: large;\">English version: <\/span><\/span><a style=\"color: #000000;\" href=\"http:\/\/www.jipitec.eu\/issues\/jipitec-7-2-2016\/4435\"><span style=\"font-family: DejaVu Sans, sans-serif;\"><span style=\"font-size: large;\">The Berlin Gedankenexperiment on the restructuring of Copyright Law and Autor&#8217;s Rights &#8211; Creators &#8211; Exploiters &#8211; Non-commercial Users,<\/span><\/span><\/a><span style=\"font-family: DejaVu Sans, sans-serif;\"><span style=\"font-size: large;\"> Intermediaries, JIPITEC &#8211; Journal of IP, IT &amp; E-Commerce Law, 7 (2) 2016<\/span><\/span><\/span><\/li>\n<\/ul>\n<\/li>\n<\/ul>\n<p>&nbsp;<\/p>\n<ul>\n<li><span style=\"color: #000000;\"><span style=\"font-family: DejaVu Sans, sans-serif;\"><span style=\"font-size: large;\"><strong>Klimpel, P., Weitzmann, J. (2015):<\/strong> <\/span><\/span><a style=\"color: #000000;\" href=\"http:\/\/resolver.sub.uni-goettingen.de\/purl\/?dariah-2015-5\" target=\"_blank\" rel=\"noopener\"><span style=\"font-family: DejaVu Sans, sans-serif;\"><span style=\"font-size: large;\">Forschen in der digitalen Welt. Juristische Handreichung f\u00fcr die Geisteswissenschaften<\/span><\/span><\/a><span style=\"font-family: DejaVu Sans, sans-serif;\"><span style=\"font-size: large;\">.\u00a0<\/span><\/span><span style=\"font-family: DejaVu Sans, sans-serif;\"><span style=\"font-size: large;\"><i>DARIAH-DE Working Papers<\/i><\/span><\/span><span style=\"font-family: DejaVu Sans, sans-serif;\"><span style=\"font-size: large;\">\u00a0Nr. 12.\u00a0G\u00f6ttingen: DARIAH-DE, 2015.\u00a0URN:\u00a0<a style=\"color: #000000;\" href=\"http:\/\/nbn-resolving.de\/urn:nbn:de:gbv:7-dariah-2015-5-0\" target=\"_blank\" rel=\"noopener\">nbn:de:gbv:7-dariah-2015-5-0<\/a><\/span><\/span><\/span><\/li>\n<\/ul>\n<p>&nbsp;<\/p>\n<ul>\n<li><span style=\"color: #000000;\"><strong><span style=\"font-family: DejaVu Sans, sans-serif;\"><span style=\"font-size: large;\">Klimpel, P. (2015): <\/span><\/span><\/strong><a style=\"color: #000000;\" href=\"http:\/\/ec.europa.eu\/commission\/2014-2019\/ansip\/blog\/guest-blog-dr-paul-klimpel-lawyer-and-cultural-heritage-activist_en\"><span style=\"font-family: DejaVu Sans, sans-serif;\"><span style=\"font-size: large;\">The future of Europe&#8217;s cultural heritage<\/span><\/span><\/a><span style=\"font-family: DejaVu Sans, sans-serif;\"><span style=\"font-size: large;\">, Gastbeitrag auf dem Blog von Andus Ansip, Vizepr\u00e4sident der Europ\u00e4ische Kommission<br \/>\n<\/span><\/span><span style=\"font-family: DejaVu Sans, sans-serif;\"><span style=\"font-size: large;\">Franz\u00f6siche Fassung:<\/span><\/span><span style=\"font-family: DejaVu Sans, sans-serif;\"><span style=\"font-size: large;\">\u00a0<a style=\"color: #000000;\" href=\"http:\/\/www.huffingtonpost.fr\/paul-klimpel\/lavenir-du-patrimoine-culturel-de-leurope_b_8168822.html\">L&#8217;avenir du patrimoine culturel de l&#8217;Europe<\/a><\/span><\/span><span style=\"font-family: DejaVu Sans, sans-serif;\"><span style=\"font-size: large;\">, Huffington Post, 21.9.2015<\/span><\/span><\/span><\/li>\n<\/ul>\n<p>&nbsp;<\/p>\n<ul>\n<li><span style=\"color: #000000;\"><span style=\"font-family: DejaVu Sans, sans-serif;\"><span style=\"font-size: large;\"><strong>Euler, E., Klimpel, P. (2015):<\/strong> <\/span><\/span><a style=\"color: #000000;\" href=\"http:\/\/irights-media.de\/publikationen\/der-vergangenheit-eine-zukunft\/\"><span style=\"font-family: DejaVu Sans, sans-serif;\"><span style=\"font-size: large;\">Der Vergangenheit eine Zukunft, Kulturelles Erbe in der digitalen Welt<\/span><\/span><\/a><span style=\"font-family: DejaVu Sans, sans-serif;\"><span style=\"font-size: large;\">, Berlin 2015, ISBN 978-3-944362-06-9<\/span><\/span><\/span><\/li>\n<\/ul>\n<p>&nbsp;<\/p>\n<ul>\n<li><span style=\"color: #000000;\"><strong><span style=\"font-family: DejaVu Sans, sans-serif;\"><span style=\"font-size: large;\">Klimpel, P. (2015): <\/span><\/span><\/strong><span style=\"font-family: DejaVu Sans, sans-serif;\"><span style=\"font-size: large;\">Kulturelles Erbe und Massendigitalisierung &#8211; Eine Frage des Rechts<\/span><\/span><span style=\"font-family: DejaVu Sans, sans-serif;\"><span style=\"font-size: large;\">, in KulturBetrieb, Februar 2015, S. 34-35, ISSN 2194-3648 <\/span><\/span><\/span><\/li>\n<\/ul>\n<p>&nbsp;<\/p>\n<ul>\n<li><span style=\"color: #000000;\"><strong><span style=\"font-family: DejaVu Sans, sans-serif;\"><span style=\"font-size: large;\">Klimpel, P. (2014): <\/span><\/span><\/strong><a style=\"color: #000000;\" href=\"http:\/\/www.paulklimpel.de\/mediapool\/93\/930021\/data\/Gemeinn_tzige_Medien-Archive_2014_-_Kimpel.pdf\"><span style=\"font-family: DejaVu Sans, sans-serif;\"><span style=\"font-size: large;\">Audiovisuelles Erbe \u2013 der urheberrechtliche Ernstfall<\/span><\/span><\/a><span style=\"font-family: DejaVu Sans, sans-serif;\"><span style=\"font-size: large;\">, in: Verband Freier Radios \u00d6sterreich (Hrsg):\u00a0Gemeinn\u00fctzige Medien-Archive in \u00a0\u00d6sterreich, Rechtliche Grundlagen, Nutzungsbarrieren und L\u00f6sungsans\u00e4tze, Wien 2014, ISBN 978-3-7089-1197-7, S. 55-64<\/span><\/span><\/span><\/li>\n<\/ul>\n<p>&nbsp;<\/p>\n<ul>\n<li><span style=\"color: #000000;\"><span style=\"font-family: DejaVu Sans, sans-serif;\"><span style=\"font-size: large;\"><strong>Klimpel, P., Weitzmann, J. (2014):<\/strong>\u00a0<\/span><\/span><a style=\"color: #000000;\" href=\"http:\/\/dx.doi.org\/10.12752\/2.0.002.0\"><span style=\"font-family: DejaVu Sans, sans-serif;\"><span style=\"font-size: large;\">Handreichung Rechtliche Rahmenbedingungen f\u00fcr Digitalisierungsprojekte von Ged\u00e4chtnisinstitutionen<\/span><\/span><\/a><span style=\"font-family: DejaVu Sans, sans-serif;\"><span style=\"font-size: large;\">, \u00a0Hrsg.: Digis, Servicestelle Digitalisierung Berlin, Mai 2014<\/span><\/span><\/span><\/li>\n<\/ul>\n<p>&nbsp;<\/p>\n<ul>\n<li><span style=\"color: #000000;\"><span style=\"font-family: DejaVu Sans, sans-serif;\"><span style=\"font-size: large;\"><strong>Klimpel, P., Weitzmann, J. (2014):<\/strong> <\/span><\/span><strong><span style=\"font-family: DejaVu Sans, sans-serif;\"><span style=\"font-size: large;\"><a style=\"color: #000000;\" href=\"https:\/\/www.ianus-fdz.de\/sites\/default\/files\/ianusredfiles\/pdf\/Rechtsexpertise-iRights_Online_2014-05-21_FINAL.pdf\">Lizenzierung von Materialien und Datenbank<\/a>\u00a0<a style=\"color: #000000;\" href=\"http:\/\/dx.doi.org\/10.13149\/000.3h7mtr-d\">durch das Forschungsdatenzentrum IANUS<\/a><\/span><\/span><\/strong><span style=\"font-family: DejaVu Sans, sans-serif;\"><span style=\"font-size: large;\">, Expertise f\u00fcr das Forschungsdatenzentrum IANUS zu rechtlichen Aspekten bei der Langzeitarchivierung digitaler Forschungsdaten von Dritten, April 2014<\/span><\/span><\/span><\/li>\n<\/ul>\n<p>&nbsp;<\/p>\n<ul>\n<li><span style=\"color: #000000;\"><strong><span style=\"font-family: DejaVu Sans, sans-serif;\"><span style=\"font-size: large;\">Klimpel, P. (2013): <\/span><\/span><\/strong><span style=\"font-family: DejaVu Sans, sans-serif;\"><span style=\"font-size: large;\"><a style=\"color: #000000;\" href=\"http:\/\/www.ne-mo.org\/fileadmin\/Dateien\/public\/statements_and_news\/NEMO_21st_Annual_Conference_Documentation.pdf\">Introduction, Where do museums stand in the digital age?<\/a>,<\/span><\/span><span style=\"font-family: DejaVu Sans, sans-serif;\"><span style=\"font-size: large;\"> in: Museums in the Digital Age, NEMO 21st Annual Conference Documentation, \u00a0Bucharest, Romania, November 2013, ISBN 978-3-9816628-0-1, Seite 8-12<\/span><\/span><\/span><\/li>\n<\/ul>\n<p>&nbsp;<\/p>\n<ul>\n<li><span style=\"color: #000000;\"><span style=\"font-family: DejaVu Sans, sans-serif;\"><span style=\"font-size: large;\"><strong>Keiper, J., Klimpel, P. (2013)<\/strong>:\u00a0<\/span><\/span><a style=\"color: #000000;\" href=\"http:\/\/irights-media.de\/publikationen\/was-bleibt-nachhaltigkeit-der-kultur-in-der-digitalen-welt\/\"><span style=\"font-family: DejaVu Sans, sans-serif;\"><span style=\"font-size: large;\">Was bleibt? Nachhaltigkeit der Kultur in der digitalen Welt<\/span><\/span><\/a><span style=\"font-family: DejaVu Sans, sans-serif;\"><span style=\"font-size: large;\">, Berlin 2013, iRights.Media, ISBN-13: 978-3-944-36203<\/span><\/span><\/span><\/li>\n<\/ul>\n<p>&nbsp;<\/p>\n<ul>\n<li><span style=\"color: #000000;\"><strong><span style=\"font-family: DejaVu Sans, sans-serif;\"><span style=\"font-size: large;\">Klimpel, P. (2013): <\/span><\/span><\/strong><a style=\"color: #000000;\" href=\"http:\/\/irights.info\/2013\/06\/17\/in-eigener-sache-urheberrecht-praxis-und-fiktion-rechteklarung-beim-kulturellen-erbe-erschienen\/14977\"><span style=\"font-family: DejaVu Sans, sans-serif;\"><span style=\"font-size: large;\">Urheberrecht, Praxis und Fiktion<\/span><\/span><\/a><span style=\"font-family: DejaVu Sans, sans-serif;\"><span style=\"font-size: large;\"><a style=\"color: #000000;\" href=\"http:\/\/irights.info\/2013\/06\/17\/in-eigener-sache-urheberrecht-praxis-und-fiktion-rechteklarung-beim-kulturellen-erbe-erschienen\/14977\">. Rechtekl\u00e4rung beim kulturellen Erbe im Zeitalter der Digitalisierung<\/a>, Grundlagenpapier im Auftrag der \u00a0Nationalbibliothek Luxemburg, Mai 2013<br \/>\n<\/span><\/span><span style=\"font-family: DejaVu Sans, sans-serif;\"><span style=\"font-size: large;\">English Version: <a style=\"color: #000000;\" href=\"https:\/\/www.kl.nl\/wp-content\/uploads\/2014\/04\/paul-klimpel-law-and-practice-final_5.pdf\">Copyright<\/a><\/span><\/span><a style=\"color: #000000;\" href=\"https:\/\/www.kl.nl\/wp-content\/uploads\/2014\/04\/paul-klimpel-law-and-practice-final_5.pdf\"><span style=\"font-family: DejaVu Sans, sans-serif;\"><span style=\"font-size: large;\"> Law, Practice and Fiction<\/span><\/span><\/a><span style=\"font-family: DejaVu Sans, sans-serif;\"><span style=\"font-size: large;\"><a style=\"color: #000000;\" href=\"https:\/\/www.kl.nl\/wp-content\/uploads\/2014\/04\/paul-klimpel-law-and-practice-final_5.pdf\">. Rights clearance for cultural heritage in the digital age with examples from the audiovisual sector<\/a>, commissioned by the National Library of Luxembourg, May 2013 <\/span><\/span><\/span><\/li>\n<\/ul>\n<p>&nbsp;<\/p>\n<ul>\n<li><span style=\"color: #000000;\"><strong><span style=\"font-family: DejaVu Sans, sans-serif;\"><span style=\"font-size: large;\">Klimpel, P. (2013): <\/span><\/span><\/strong><a style=\"color: #000000;\" href=\"http:\/\/irights.info\/verwaiste-werke-die-regelung-kommt-die-probleme-bleiben\/12099\"><span style=\"font-family: DejaVu Sans, sans-serif;\"><span style=\"font-size: large;\">Verwaiste Werke: Die Regelung kommt, die Probleme bleiben<\/span><\/span><\/a><span style=\"font-family: DejaVu Sans, sans-serif;\"><span style=\"font-size: large;\">, ver\u00f6ffentlicht bei iRights.info, dem Informationsportal f\u00fcr Urheberrecht und \u00a0kreatives Schaffen in der Digitalen Welt, 5. M\u00e4rz 2013<\/span><\/span><\/span><\/li>\n<\/ul>\n<p>&nbsp;<\/p>\n<ul>\n<li><span style=\"color: #000000;\"><strong><span style=\"font-family: DejaVu Sans, sans-serif;\"><span style=\"font-size: large;\">Keiper, J., Klimpel, P. (2012):<\/span><\/span><\/strong><span style=\"font-family: DejaVu Sans, sans-serif;\"><span style=\"font-size: large;\">\u00a0Ins Netz gegangen &#8211; Neue Wege zum kulturellen Erbe.<\/span><\/span><span style=\"font-family: DejaVu Sans, sans-serif;\"><span style=\"font-size: large;\"> Mitteilungen und Berichte aus dem Institut f\u00fcr Museumsforschung Berlin 2012, ISSN 1436 &#8211; 4166 Nr. 50<\/span><\/span><\/span><\/li>\n<\/ul>\n<p>&nbsp;<\/p>\n<ul>\n<li><span style=\"color: #000000;\"><span style=\"font-family: DejaVu Sans, sans-serif;\"><span style=\"font-size: large;\"><strong>Klimpel, P. (2012): <\/strong>Preserving Europe&#8217;s cultural heritage, in: Ian Hargreaves, Paul Hofheinz (Editor):\u00a0<\/span><\/span><a style=\"color: #000000;\" href=\"http:\/\/youtube.com\/watch?v=ac2npweI_qo\"><span style=\"font-family: DejaVu Sans, sans-serif;\"><span style=\"font-size: large;\">Intellectual property and Innovation<\/span><\/span><\/a><span style=\"font-family: DejaVu Sans, sans-serif;\"><span style=\"font-size: large;\">. Lisbon Council, September 2012<\/span><\/span><\/span><\/li>\n<\/ul>\n<p>&nbsp;<\/p>\n<ul>\n<li><span style=\"color: #000000;\"><strong><span style=\"font-family: DejaVu Sans, sans-serif;\"><span style=\"font-size: large;\">Klimpel, P. (2012):<\/span><\/span><\/strong><a style=\"color: #000000;\" href=\"http:\/\/www.vocer.org\/de\/artikel\/do\/detail\/id\/254\/unter-verschluss.html\"><span style=\"font-family: DejaVu Sans, sans-serif;\"><span style=\"font-size: large;\"> Unter Verschluss<\/span><\/span><\/a><span style=\"font-family: DejaVu Sans, sans-serif;\"><span style=\"font-size: large;\">, ver\u00f6ffentlicht bei\u00a0<a style=\"color: #000000;\" href=\"http:\/\/www.vocer.org\/de\/home.html\">Vocher<\/a>, Medien.Kritik.Debatte. \u00a0Einem unabh\u00e4ngigen Debattenforum und Think Tank zur Medienkritik am 28. August 2012<\/span><\/span><\/span>\n<ul>\n<li><span style=\"color: #000000;\"><span style=\"font-family: DejaVu Sans, sans-serif;\"><span style=\"font-size: large;\">Aktualisierte und um Aspekte der Filmarbeit kommunaler Kinos erweiterte Fassung ve\u00f6ffentlicht als:<br \/>\n<\/span><\/span><strong><span style=\"font-family: DejaVu Sans, sans-serif;\"><span style=\"font-size: large;\">Filmerbe im Dickicht des Urheberrecht<\/span><\/span><\/strong><span style=\"font-family: DejaVu Sans, sans-serif;\"><span style=\"font-size: large;\">, in: Kino Kommunal, Sonderausgabe Dokumentation des Kongresses ARCHIVE ENTDECKEN, Offenbach 2013, S. 40-41<\/span><\/span><\/span><\/li>\n<\/ul>\n<\/li>\n<\/ul>\n<p>&nbsp;<\/p>\n<ul>\n<li><span style=\"color: #000000;\"><strong><span style=\"font-family: DejaVu Sans, sans-serif;\"><span style=\"font-size: large;\">Klimpel, P. (2012): <\/span><\/span><\/strong><a style=\"color: #000000;\" href=\"http:\/\/irights.info\/userfiles\/CC-NC_Leitfaden_web.pdf\"><span style=\"font-family: DejaVu Sans, sans-serif;\"><span style=\"font-size: large;\">Freies Wissen Dank Creative-Commons-Lizenzen<\/span><\/span><\/a><span style=\"font-family: DejaVu Sans, sans-serif;\"><span style=\"font-size: large;\">. Folgen, Risiken und Nebenwirkungen der Bedingung \u201enicht-kommerziell \u2013 NC\u201c, Hrsg.: Wikimedia Deutschland, iRights.info, CC DE, Mai 2012\u00a0 <\/span><\/span><\/span>\n<ul>\n<li><span style=\"color: #000000;\"><span style=\"font-family: DejaVu Sans, sans-serif;\"><span style=\"font-size: large;\">Englische \u00dcbersetzung: <\/span><\/span><a style=\"color: #000000;\" href=\"http:\/\/de.scribd.com\/doc\/119478492\/Consequences-Risks-and-side-effects-of-the-Creative-Commons-license-module-Non-Commercial-%E2%80%93-NC\"><span style=\"font-family: DejaVu Sans, sans-serif;\"><span style=\"font-size: large;\">Free Knowledge based on Creative Commons Licenses<\/span><\/span><\/a><span style=\"font-family: DejaVu Sans, sans-serif;\"><span style=\"font-size: large;\">, Consequences, risks and side effects of the Creative Commons license module Non Commercial-NC, Januar 2013<\/span><\/span><\/span><\/li>\n<li><span style=\"color: #000000;\"><span style=\"font-family: DejaVu Sans, sans-serif;\"><span style=\"font-size: large;\">Schwedische \u00dcbersetzung:\u00a0<\/span><\/span><a style=\"color: #000000;\" href=\"http:\/\/upload.wikimedia.org\/wikipedia\/commons\/0\/01\/Fri_kunskap_tack_vare_Creative_Commons_licenser.pdf\"><span style=\"font-family: DejaVu Sans, sans-serif;\"><span style=\"font-size: large;\">Fri Kunskap Tack Vare Creative Common Licenser<\/span><\/span><\/a><span style=\"font-family: DejaVu Sans, sans-serif;\"><span style=\"font-size: large;\">, Varf\u00f6r en icke-kommersiell klausel oftast inte fyller dina syften, Februar 2014<\/span><\/span><\/span><\/li>\n<li><span style=\"color: #000000;\"><span style=\"font-family: DejaVu Sans, sans-serif;\"><span style=\"font-size: large;\">Franz\u00f6siche \u00dcbersetzung:\u00a0<\/span><\/span><a style=\"color: #000000;\" href=\"https:\/\/commons.wikimedia.org\/wiki\/File:WMBE-La_connaissance_libre_gr%C3%A2ce_aux_licences_Creative_Commons.pdf?uselang=de\"><span style=\"font-family: DejaVu Sans, sans-serif;\"><span style=\"font-size: large;\">La connaissance libre gr\u00e2ce aux licences Creative Commons<\/span><\/span><\/a><span style=\"font-family: DejaVu Sans, sans-serif;\"><span style=\"font-size: large;\"> &#8211; Ou pourquoi la clause \u00ab pas d\u2019utilisation commerciale \u00bb ne r\u00e9pond pas \u00e0 vos besoins, September 2015<\/span><\/span><\/span><\/li>\n<li><span style=\"color: #000000;\"><span style=\"font-family: DejaVu Sans, sans-serif;\"><span style=\"font-size: large;\">Niederl\u00e4ndische \u00dcbersetzung:\u00a0<\/span><\/span><a style=\"color: #000000;\" href=\"https:\/\/commons.wikimedia.org\/wiki\/File:WMBE-Vrije_kennis_gebaseerd_op_Creative_Commons-licenties.pdf?uselang=de\"><span style=\"font-family: DejaVu Sans, sans-serif;\"><span style=\"font-size: large;\">Vrije kennis gebaseerd op Creative Commons-licenties<\/span><\/span><\/a><span style=\"font-family: DejaVu Sans, sans-serif;\"><span style=\"font-size: large;\"> &#8211; Waarom een niet-commerci\u00eble clausule vaak niet aan je behoeften voldoet, September 2015<\/span><\/span><\/span><\/li>\n<\/ul>\n<\/li>\n<\/ul>\n<p>&nbsp;<\/p>\n<ul>\n<li><span style=\"color: #000000;\"><span style=\"font-family: DejaVu Sans, sans-serif;\"><span style=\"font-size: large;\"><strong>Klimpel, P. (2011):<\/strong>\u00a0<\/span><\/span><a style=\"color: #000000;\" href=\"http:\/\/www.bloomsburyacademic.com\/view\/BewegteBilder_9783827090058\/book-ba-9783827090058.xml\"><span style=\"font-family: DejaVu Sans, sans-serif;\"><span style=\"font-size: large;\">Bewegte Bilder &#8211; starres Recht?<\/span><\/span><\/a><span style=\"font-family: DejaVu Sans, sans-serif;\"><span style=\"font-size: large;\"><a style=\"color: #000000;\" href=\"http:\/\/www.bloomsburyacademic.com\/view\/BewegteBilder_9783827090058\/book-ba-9783827090058.xml\"> Das Filmerbe und seine rechtlichen Rahmenbedingungen<\/a>, Berlin 2011, Berlin Academic, ISBN Hardcover: 978-3-8270-9000-3, eBook: 978-3-8270-9001-0\u00a0\u00a0<\/span><\/span><\/span><\/li>\n<\/ul>\n<p>&nbsp;<\/p>\n<ul>\n<li><span style=\"font-family: DejaVu Sans, sans-serif; color: #000000;\"><span style=\"font-size: large;\"><strong>Klimpel, P. (2011): <\/strong>Hohe H\u00fcrden f\u00fcr die H\u00fcterinnen des kulturellen Erbes, Gastbeitrag f\u00fcr Kultur.Medien.Politik, dem zwd-Magazin f\u00fcr Kulturpolitik, 7\/2011, S. 34 <\/span><\/span><\/li>\n<\/ul>\n<p>&nbsp;<\/p>\n<ul>\n<li><span style=\"color: #000000;\"><strong><span style=\"font-family: DejaVu Sans, sans-serif;\"><span style=\"font-size: large;\">Klimpel, P. (2009): <\/span><\/span><\/strong><a style=\"color: #000000;\" href=\"http:\/\/www.irights.info\/index.php?q=node\/854\"><span style=\"font-family: DejaVu Sans, sans-serif;\"><span style=\"font-size: large;\">Das Urheberrecht verursacht Depressionen<\/span><\/span><\/a><span style=\"font-family: DejaVu Sans, sans-serif;\"><span style=\"font-size: large;\"><a style=\"color: #000000;\" href=\"http:\/\/www.irights.info\/index.php?q=node\/854\"> Museen und Archive und die Regelungen zum geistigen Eigentum<\/a>, in: Museumskunde 1\/09, Band 74, ISSN 0027-4178, Seite 7-15\u00a0<\/span><\/span><\/span><\/li>\n<\/ul>\n<p>&nbsp;<\/p>\n<ul>\n<li><span style=\"color: #000000;\"><span style=\"font-family: DejaVu Sans, sans-serif;\"><span style=\"font-size: large;\"><strong>Klimpel, P. (2008):<\/strong> <\/span><\/span><a style=\"color: #000000;\" href=\"http:\/\/www.smb.museum\/fileadmin\/website\/Institute\/Institut_fuer_Museumsforschung\/Mitteilungen\/MIT049.pdf\"><span style=\"font-family: DejaVu Sans, sans-serif;\"><span style=\"font-size: large;\">\u00d6ffentliche Archive \u2013 \u201egeheime\u201c informationen \u2013<\/span><\/span><\/a><span style=\"font-family: DejaVu Sans, sans-serif;\"><span style=\"font-size: large;\"><a style=\"color: #000000;\" href=\"http:\/\/www.smb.museum\/fileadmin\/website\/Institute\/Institut_fuer_Museumsforschung\/Mitteilungen\/MIT049.pdf\"> Der Umgang mit sensiblen Daten in Filmmuseen, Archiven und Mediatheken<\/a>, Mitteilungen und Berichte aus dem Institut f\u00fcr Museumsforschung Berlin 2008, ISSN 1436-4166 Nr. 49<\/span><\/span><\/span><\/li>\n<\/ul>\n<p>&nbsp;<\/p>\n<ul>\n<li><span style=\"color: #000000;\"><span style=\"font-family: DejaVu Sans, sans-serif;\"><span style=\"font-size: large;\"><strong>Klimpel, P. (2007)<\/strong>: <\/span><\/span><a style=\"color: #000000;\" href=\"http:\/\/www.smb.museum\/fileadmin\/website\/Institute\/Institut_fuer_Museumsforschung\/Mitteilungen\/MIT047.pdf\"><span style=\"font-family: DejaVu Sans, sans-serif;\"><span style=\"font-size: large;\">Zwischen technischem k\u00f6nnen und rechtlichem d\u00fcrfen<\/span><\/span><\/a><span style=\"font-family: DejaVu Sans, sans-serif;\"><span style=\"font-size: large;\">. Filmarchive, Filmmuseen und die Digitalisierung, Mitteilungen und Berichte aus dem Institut f\u00fcr Museumsforschung Berlin 2008, ISSN 1436-4166 Nr. 47<\/span><\/span><\/span><\/li>\n<\/ul>\n<p>&nbsp;<\/p>\n<ul>\n<li><span style=\"color: #000000;\"><span style=\"font-family: DejaVu Sans, sans-serif;\"><span style=\"font-size: large;\"><strong>Klimpel, P. (2007):<\/strong>\u00a0<\/span><\/span><span style=\"font-family: DejaVu Sans, sans-serif;\"><span style=\"font-size: large;\">Im Schatten der Verwertungsinteressen.<\/span><\/span><span style=\"font-family: DejaVu Sans, sans-serif;\"><span style=\"font-size: large;\"> Filmarchive, Filmmuseen und das Urheberrecht, Mitteilungen und Berichte aus dem Institut f\u00fcr Museumsforschung Berlin 2007, ISSN 1436-4166 Nr. 45<\/span><\/span><\/span><\/li>\n<\/ul>\n<p>&nbsp;<\/p>\n<ul>\n<li><span style=\"color: #000000;\"><strong><span style=\"font-family: DejaVu Sans, sans-serif;\"><span style=\"font-size: large;\">Klimpel, P. (2003): <\/span><\/span><\/strong><span style=\"font-family: DejaVu Sans, sans-serif;\"><span style=\"font-size: large;\">Bevormundung oder Freiheitsschutz?<\/span><\/span><span style=\"font-family: DejaVu Sans, sans-serif;\"><span style=\"font-size: large;\"> Kritik und Rechtfertigung paternalistischer Vorschriften \u00fcber das Leben, den K\u00f6rper und die Sexualit\u00e4t im deutschen Recht, Frankfurt am Main 2003, Peter Lang, ISBN 3-63150927-8<\/span><\/span><\/span><\/li>\n<\/ul>\n<p>&nbsp;<\/p>\n","protected":false},"excerpt":{"rendered":"<p>Klimpel, P. (2026):\u00a0Abbildungen in der Kunstwissenschaft. Eine kleine Rechtsfibel, ACCESS POINTS, Schriften der Kolleg-Forschungsgruppe &#8222;Zugang zu kulturellen G\u00fctern im digitalen Wandel&#8220; an der Universit\u00e4t M\u00fcnster, Hrsg.: Ursula Frohne und Reinold Schm\u00fccker, M\u00fcnster 2026, ISBN: 978-3-69012-003-6, DOI: 10.17879\/21928648758 &nbsp; Klimpel, P. (2025):\u00a0Was darf ich online zeigen? Urheber- und Pers\u00f6nlichkeitsrecht im Digitalen Archiv der freien Darstellenden K\u00fcnste, [&hellip;]<\/p>\n","protected":false},"author":1,"featured_media":0,"parent":0,"menu_order":0,"comment_status":"closed","ping_status":"closed","template":"","meta":{"footnotes":""},"class_list":["post-7","page","type-page","status-publish","hentry"],"_links":{"self":[{"href":"http:\/\/paulklimpel.de\/index.php?rest_route=\/wp\/v2\/pages\/7","targetHints":{"allow":["GET"]}}],"collection":[{"href":"http:\/\/paulklimpel.de\/index.php?rest_route=\/wp\/v2\/pages"}],"about":[{"href":"http:\/\/paulklimpel.de\/index.php?rest_route=\/wp\/v2\/types\/page"}],"author":[{"embeddable":true,"href":"http:\/\/paulklimpel.de\/index.php?rest_route=\/wp\/v2\/users\/1"}],"replies":[{"embeddable":true,"href":"http:\/\/paulklimpel.de\/index.php?rest_route=%2Fwp%2Fv2%2Fcomments&post=7"}],"version-history":[{"count":107,"href":"http:\/\/paulklimpel.de\/index.php?rest_route=\/wp\/v2\/pages\/7\/revisions"}],"predecessor-version":[{"id":241,"href":"http:\/\/paulklimpel.de\/index.php?rest_route=\/wp\/v2\/pages\/7\/revisions\/241"}],"wp:attachment":[{"href":"http:\/\/paulklimpel.de\/index.php?rest_route=%2Fwp%2Fv2%2Fmedia&parent=7"}],"curies":[{"name":"wp","href":"https:\/\/api.w.org\/{rel}","templated":true}]}}